{"id":15503,"date":"2018-04-18T12:28:10","date_gmt":"2018-04-18T10:28:10","guid":{"rendered":"https:\/\/www.fente-palatine.com\/?page_id=15503"},"modified":"2019-03-19T17:57:35","modified_gmt":"2019-03-19T16:57:35","slug":"epidemiologia","status":"publish","type":"page","link":"https:\/\/www.fente-palatine.com\/ca\/epidemiologia\/","title":{"rendered":"Epidemiologia"},"content":{"rendered":"<p>[vc_row css_animation=&#8221;&#8221; row_type=&#8221;row&#8221; use_row_as_full_screen_section=&#8221;no&#8221; type=&#8221;full_width&#8221; angled_section=&#8221;no&#8221; text_align=&#8221;left&#8221; background_image_as_pattern=&#8221;without_pattern&#8221; el_class=&#8221;box-title-top&#8221; z_index=&#8221;&#8221;][vc_column][vc_column_text]<\/p>\n<h1 style=\"text-align: center;\">Epidemiologia<\/h1>\n<p>[\/vc_column_text][\/vc_column][\/vc_row][vc_row css_animation=&#8221;&#8221; row_type=&#8221;row&#8221; use_row_as_full_screen_section=&#8221;no&#8221; type=&#8221;grid&#8221; angled_section=&#8221;no&#8221; text_align=&#8221;left&#8221; background_image_as_pattern=&#8221;without_pattern&#8221; z_index=&#8221;&#8221;][vc_column][vc_column_text el_class=&#8221;content-style content-list&#8221;]El llavi lepor\u00ed i fissura palatina s\u00f3n les malformacions cong\u00e8nites de la cara m\u00e9s freq\u00fc\u00e8ncia en el m\u00f3n. A Fran\u00e7a, un de cada 700 nens neixen amb llavi lepor\u00ed i el paladar. Aquesta xifra \u00e9s aproximadament la mateixa en tots els pa\u00efsos europeus. Estats Units, un nen da cada 600 neix amb fissura, i a l\u2019 \u00c0sia, la incid\u00e8ncia \u00e9s encara m\u00e9s gran, afecta a un nen de cada 300 naixements.<\/p>\n<p>El desglossament per tipus de fissura es mant\u00e9 fix des de fa anys :<\/p>\n<ul>\n<li>25% de llavi lepor\u00ed<\/li>\n<li>50% de llavi lepor\u00ed i el paladar<\/li>\n<li>25% de fissura palatina<\/li>\n<\/ul>\n<p><strong><em>Les diff\u00e9rentes \u00e9pid\u00e9miologies :<\/em><\/strong><\/p>\n<ol>\n<li><a href=\"https:\/\/www.fente-palatine.com\/ca\/epidemiologia\/el-llavi-lepori\/\">El llavi lepor\u00ed<\/a><\/li>\n<li><a href=\"https:\/\/www.fente-palatine.com\/ca\/epidemiologia\/el-llavi-lepori-i-fissura-palatina\/\">El llavi lepor\u00ed i fissura palatina<\/a><\/li>\n<li><a href=\"https:\/\/www.fente-palatine.com\/ca\/epidemiologia\/fissura-palatina\/\">Fissura palatina<\/a><\/li>\n<\/ol>\n<p>[\/vc_column_text][\/vc_column][\/vc_row][vc_row css_animation=&#8221;&#8221; row_type=&#8221;row&#8221; use_row_as_full_screen_section=&#8221;no&#8221; type=&#8221;full_width&#8221; angled_section=&#8221;no&#8221; text_align=&#8221;left&#8221; background_image_as_pattern=&#8221;without_pattern&#8221; background_color=&#8221;#f7f7f7&#8243; css=&#8221;.vc_custom_1522169813821{margin-top: 60px !important;padding-top: 30px !important;padding-bottom: 30px !important;}&#8221; z_index=&#8221;&#8221;][vc_column][vc_row_inner row_type=&#8221;row&#8221; type=&#8221;grid&#8221; text_align=&#8221;left&#8221; css_animation=&#8221;&#8221; el_class=&#8221;row-img-legende&#8221;][vc_column_inner width=&#8221;1\/3&#8243;][vc_single_image image=&#8221;16969&#8243; img_size=&#8221;full&#8221; qode_css_animation=&#8221;&#8221;][vc_column_text]<strong>El llavi lepor\u00ed<\/strong>[\/vc_column_text][\/vc_column_inner][vc_column_inner width=&#8221;1\/3&#8243;][vc_single_image image=&#8221;16968&#8243; img_size=&#8221;full&#8221; qode_css_animation=&#8221;&#8221;][vc_column_text]El llavi lepor\u00ed i fissura palatina[\/vc_column_text][\/vc_column_inner][vc_column_inner width=&#8221;1\/3&#8243;][vc_single_image image=&#8221;16967&#8243; img_size=&#8221;full&#8221; qode_css_animation=&#8221;&#8221;][vc_column_text]<strong>Fissura palatina<\/strong>[\/vc_column_text][\/vc_column_inner][\/vc_row_inner][\/vc_column][\/vc_row][vc_row css_animation=&#8221;&#8221; row_type=&#8221;row&#8221; use_row_as_full_screen_section=&#8221;no&#8221; type=&#8221;grid&#8221; angled_section=&#8221;no&#8221; text_align=&#8221;left&#8221; background_image_as_pattern=&#8221;without_pattern&#8221; z_index=&#8221;&#8221; css=&#8221;.vc_custom_1522260369459{margin-top: 50px !important;}&#8221;][vc_column][vc_column_text el_class=&#8221;content-style&#8221;]<\/p>\n<h2>Origen de la fissura palatina<\/h2>\n<p>L\u2019origen de la fissura palatina i llavi lepor\u00ed encara \u00e9s desconegut, sens dubte sabem el mecanisme de la fusi\u00f3 incompleta que condueix a la formaci\u00f3 (veure cap\u00edtol embriologia), per\u00f2 no coneixem l\u2019origen de la fusi\u00f3 incompleta de les vores. Les pistes gen\u00e8tiques, t\u00f2xiques, farmacol\u00f2giques, alimentaries, s\u00f3n estudiades, per\u00f2 avi en dia no tenim cap evid\u00e8ncia seria de com hi participen.[\/vc_column_text][\/vc_column][\/vc_row]<\/p>\n","protected":false},"excerpt":{"rendered":"<p>[vc_row css_animation=&#8221;&#8221; row_type=&#8221;row&#8221; use_row_as_full_screen_section=&#8221;no&#8221; type=&#8221;full_width&#8221; angled_section=&#8221;no&#8221; text_align=&#8221;left&#8221; background_image_as_pattern=&#8221;without_pattern&#8221; el_class=&#8221;box-title-top&#8221; z_index=&#8221;&#8221;][vc_column][vc_column_text] Epidemiologia [\/vc_column_text][\/vc_column][\/vc_row][vc_row css_animation=&#8221;&#8221; row_type=&#8221;row&#8221; use_row_as_full_screen_section=&#8221;no&#8221; type=&#8221;grid&#8221; angled_section=&#8221;no&#8221; text_align=&#8221;left&#8221; background_image_as_pattern=&#8221;without_pattern&#8221; z_index=&#8221;&#8221;][vc_column][vc_column_text el_class=&#8221;content-style content-list&#8221;]El&#8230;<\/p>\n","protected":false},"author":4,"featured_media":0,"parent":0,"menu_order":0,"comment_status":"open","ping_status":"open","template":"full_width.php","meta":{"_acf_changed":false,"footnotes":""},"class_list":["post-15503","page","type-page","status-publish","hentry"],"acf":[],"_links":{"self":[{"href":"https:\/\/www.fente-palatine.com\/ca\/wp-json\/wp\/v2\/pages\/15503","targetHints":{"allow":["GET"]}}],"collection":[{"href":"https:\/\/www.fente-palatine.com\/ca\/wp-json\/wp\/v2\/pages"}],"about":[{"href":"https:\/\/www.fente-palatine.com\/ca\/wp-json\/wp\/v2\/types\/page"}],"author":[{"embeddable":true,"href":"https:\/\/www.fente-palatine.com\/ca\/wp-json\/wp\/v2\/users\/4"}],"replies":[{"embeddable":true,"href":"https:\/\/www.fente-palatine.com\/ca\/wp-json\/wp\/v2\/comments?post=15503"}],"version-history":[{"count":0,"href":"https:\/\/www.fente-palatine.com\/ca\/wp-json\/wp\/v2\/pages\/15503\/revisions"}],"wp:attachment":[{"href":"https:\/\/www.fente-palatine.com\/ca\/wp-json\/wp\/v2\/media?parent=15503"}],"curies":[{"name":"wp","href":"https:\/\/api.w.org\/{rel}","templated":true}]}}